{"id":1026,"date":"2021-04-27T23:58:26","date_gmt":"2021-04-27T21:58:26","guid":{"rendered":"https:\/\/lescabanesdugrau.fr\/?page_id=1026"},"modified":"2026-02-04T23:23:15","modified_gmt":"2026-02-04T22:23:15","slug":"activites","status":"publish","type":"page","link":"https:\/\/lescabanesdugrau.fr\/en\/activites\/","title":{"rendered":"ACTIVITIES"},"content":{"rendered":"<p>[et_pb_section fb_built=\u00a0\u00bb1&Prime; admin_label=\u00a0\u00bbHeader\u00a0\u00bb _builder_version=\u00a0\u00bb4.16&Prime; background_image=\u00a0\u00bbhttps:\/\/lescabanesdugrau.fr\/wp-content\/uploads\/2021\/05\/Sete-plage.jpg\u00a0\u00bb height_tablet=\u00a0\u00bb320px\u00a0\u00bb height_phone=\u00a0\u00bb280px\u00a0\u00bb height_last_edited=\u00a0\u00bbon|phone\u00a0\u00bb custom_margin=\u00a0\u00bb|||\u00a0\u00bb custom_padding=\u00a0\u00bb12vw|0px|271px|0px|false|false\u00a0\u00bb locked=\u00a0\u00bboff\u00a0\u00bb global_colors_info=\u00a0\u00bb{}\u00a0\u00bb][et_pb_row _builder_version=\u00a0\u00bb4.16&Prime; custom_margin=\u00a0\u00bb|auto|16px|auto|false|false\u00a0\u00bb custom_padding=\u00a0\u00bb22px||0px|||\u00a0\u00bb locked=\u00a0\u00bboff\u00a0\u00bb global_colors_info=\u00a0\u00bb{}\u00a0\u00bb][et_pb_column type=\u00a0\u00bb4_4&Prime; _builder_version=\u00a0\u00bb4.16&Prime; custom_padding=\u00a0\u00bb|||\u00a0\u00bb global_colors_info=\u00a0\u00bb{}\u00a0\u00bb custom_padding__hover=\u00a0\u00bb|||\u00a0\u00bb][et_pb_text _builder_version=\u00a0\u00bb4.16&Prime; text_font=\u00a0\u00bb||||||||\u00a0\u00bb header_font=\u00a0\u00bbBad Script|700|||||||\u00a0\u00bb header_text_align=\u00a0\u00bbright\u00a0\u00bb header_text_color=\u00a0\u00bb#FFFFFF\u00a0\u00bb header_font_size=\u00a0\u00bb60px\u00a0\u00bb header_line_height=\u00a0\u00bb1.2em\u00a0\u00bb header_5_font=\u00a0\u00bbAbadi MT &#8211; Condensed Light|700||on|||||\u00a0\u00bb header_5_text_color=\u00a0\u00bb#F6F2EE\u00a0\u00bb header_5_font_size=\u00a0\u00bb20px\u00a0\u00bb header_5_letter_spacing=\u00a0\u00bb0.2em\u00a0\u00bb header_5_line_height=\u00a0\u00bb1.8em\u00a0\u00bb min_height=\u00a0\u00bb50.8px\u00a0\u00bb custom_margin=\u00a0\u00bb||-9px||false|false\u00a0\u00bb custom_padding=\u00a0\u00bb0px||0px|||\u00a0\u00bb animation_style=\u00a0\u00bbzoom\u00a0\u00bb animation_intensity_zoom=\u00a0\u00bb5%\u00a0\u00bb header_font_size_tablet=\u00a0\u00bb44px\u00a0\u00bb header_font_size_phone=\u00a0\u00bb30px\u00a0\u00bb header_font_size_last_edited=\u00a0\u00bbon|desktop\u00a0\u00bb header_5_font_size_tablet=\u00a0\u00bb14px\u00a0\u00bb header_5_font_size_phone=\u00a0\u00bb12px\u00a0\u00bb header_5_font_size_last_edited=\u00a0\u00bbon|desktop\u00a0\u00bb header_5_text_shadow_style=\u00a0\u00bbpreset2&Prime; locked=\u00a0\u00bboff\u00a0\u00bb global_colors_info=\u00a0\u00bb{}\u00a0\u00bb]<\/p>\n<h1 style=\"text-align: left;\">Le Grau d\u2019Agde and its surroundings<\/h1>\n<p>[\/et_pb_text][et_pb_text _builder_version=\u00a0\u00bb4.16&Prime; text_font=\u00a0\u00bb||||||||\u00a0\u00bb header_font=\u00a0\u00bbAbadi MT &#8211; Condensed Extra-Bold|700|||||||\u00a0\u00bb header_text_color=\u00a0\u00bb#FFFFFF\u00a0\u00bb header_font_size=\u00a0\u00bb61px\u00a0\u00bb header_line_height=\u00a0\u00bb1.2em\u00a0\u00bb header_5_font=\u00a0\u00bbcalibri regular|700||on|||||\u00a0\u00bb header_5_text_align=\u00a0\u00bbright\u00a0\u00bb header_5_text_color=\u00a0\u00bb#FFFFFF\u00a0\u00bb header_5_font_size=\u00a0\u00bb20px\u00a0\u00bb header_5_letter_spacing=\u00a0\u00bb0.1em\u00a0\u00bb header_5_line_height=\u00a0\u00bb1.8em\u00a0\u00bb min_height=\u00a0\u00bb40px\u00a0\u00bb custom_margin=\u00a0\u00bb9px||-18px||false|false\u00a0\u00bb custom_padding=\u00a0\u00bb0px||0px|||\u00a0\u00bb animation_style=\u00a0\u00bbzoom\u00a0\u00bb animation_intensity_zoom=\u00a0\u00bb5%\u00a0\u00bb header_font_size_tablet=\u00a0\u00bb48px\u00a0\u00bb header_font_size_phone=\u00a0\u00bb32px\u00a0\u00bb header_font_size_last_edited=\u00a0\u00bbon|phone\u00a0\u00bb header_5_font_size_tablet=\u00a0\u00bb14px\u00a0\u00bb header_5_font_size_phone=\u00a0\u00bb10px\u00a0\u00bb header_5_font_size_last_edited=\u00a0\u00bbon|phone\u00a0\u00bb header_text_shadow_style=\u00a0\u00bbpreset2&Prime; locked=\u00a0\u00bboff\u00a0\u00bb global_colors_info=\u00a0\u00bb{}\u00a0\u00bb]<\/p>\n<h5 style=\"text-align: left;\">Activities<\/h5>\n<p>[\/et_pb_text][\/et_pb_column][\/et_pb_row][\/et_pb_section][et_pb_section fb_built=\u00a0\u00bb1&Prime; custom_padding_last_edited=\u00a0\u00bbon|tablet\u00a0\u00bb disabled_on=\u00a0\u00bbon|on|off\u00a0\u00bb admin_label=\u00a0\u00bbAttractions\u00a0\u00bb _builder_version=\u00a0\u00bb4.16&Prime; background_color=\u00a0\u00bb#ffffff\u00a0\u00bb max_width=\u00a0\u00bb90%\u00a0\u00bb max_width_tablet=\u00a0\u00bb\u00a0\u00bb max_width_phone=\u00a0\u00bb100%\u00a0\u00bb max_width_last_edited=\u00a0\u00bbon|phone\u00a0\u00bb custom_margin=\u00a0\u00bb-114px||||false|false\u00a0\u00bb custom_margin_tablet=\u00a0\u00bb0px||||false|false\u00a0\u00bb custom_margin_phone=\u00a0\u00bb0px||||false|false\u00a0\u00bb custom_margin_last_edited=\u00a0\u00bbon|phone\u00a0\u00bb custom_padding=\u00a0\u00bb1px||1px||false|false\u00a0\u00bb custom_padding_tablet=\u00a0\u00bb||14px||false|false\u00a0\u00bb custom_padding_phone=\u00a0\u00bb||14px||false|false\u00a0\u00bb module_alignment_last_edited=\u00a0\u00bboff|phone\u00a0\u00bb border_color_all=\u00a0\u00bb#ffffff\u00a0\u00bb border_width_right=\u00a0\u00bb10vw\u00a0\u00bb global_colors_info=\u00a0\u00bb{}\u00a0\u00bb][et_pb_row _builder_version=\u00a0\u00bb4.16&Prime; _module_preset=\u00a0\u00bbdefault\u00a0\u00bb global_colors_info=\u00a0\u00bb{}\u00a0\u00bb][et_pb_column type=\u00a0\u00bb4_4&Prime; _builder_version=\u00a0\u00bb4.16&Prime; _module_preset=\u00a0\u00bbdefault\u00a0\u00bb global_colors_info=\u00a0\u00bb{}\u00a0\u00bb][et_pb_divider show_divider=\u00a0\u00bboff\u00a0\u00bb _builder_version=\u00a0\u00bb4.16&Prime; _module_preset=\u00a0\u00bbdefault\u00a0\u00bb custom_margin=\u00a0\u00bb||||false|false\u00a0\u00bb custom_padding=\u00a0\u00bb20px||20px||false|false\u00a0\u00bb global_colors_info=\u00a0\u00bb{}\u00a0\u00bb][\/et_pb_divider][\/et_pb_column][\/et_pb_row][\/et_pb_section][et_pb_section fb_built=\u00a0\u00bb1&Prime; custom_padding_last_edited=\u00a0\u00bbon|phone\u00a0\u00bb _builder_version=\u00a0\u00bb4.16&Prime; _module_preset=\u00a0\u00bbdefault\u00a0\u00bb custom_padding=\u00a0\u00bb5px||30px||false|false\u00a0\u00bb custom_padding_tablet=\u00a0\u00bb||10px||false|false\u00a0\u00bb custom_padding_phone=\u00a0\u00bb||1px||false|false\u00a0\u00bb global_colors_info=\u00a0\u00bb{}\u00a0\u00bb][et_pb_row custom_padding_last_edited=\u00a0\u00bboff|desktop\u00a0\u00bb module_id=\u00a0\u00bbcoup_de_coeur\u00a0\u00bb _builder_version=\u00a0\u00bb4.16&Prime; custom_margin=\u00a0\u00bb-30px||||false|false\u00a0\u00bb custom_margin_tablet=\u00a0\u00bb30px||||false|false\u00a0\u00bb custom_margin_phone=\u00a0\u00bb46px||||false|false\u00a0\u00bb custom_margin_last_edited=\u00a0\u00bbon|phone\u00a0\u00bb custom_padding=\u00a0\u00bb0px|0px|0|0px|false|false\u00a0\u00bb custom_padding_tablet=\u00a0\u00bb|0px||0px||true\u00a0\u00bb global_colors_info=\u00a0\u00bb{}\u00a0\u00bb][et_pb_column type=\u00a0\u00bb4_4&Prime; _builder_version=\u00a0\u00bb4.16&Prime; custom_padding=\u00a0\u00bb|||\u00a0\u00bb global_colors_info=\u00a0\u00bb{}\u00a0\u00bb custom_padding__hover=\u00a0\u00bb|||\u00a0\u00bb][et_pb_text _builder_version=\u00a0\u00bb4.16&Prime; text_font=\u00a0\u00bb||||||||\u00a0\u00bb text_font_size=\u00a0\u00bb16px\u00a0\u00bb text_line_height=\u00a0\u00bb2em\u00a0\u00bb header_font=\u00a0\u00bbBad Script|700|||||||\u00a0\u00bb header_text_align=\u00a0\u00bbcenter\u00a0\u00bb header_font_size=\u00a0\u00bb37px\u00a0\u00bb header_2_font=\u00a0\u00bbRaleway|700|||||||\u00a0\u00bb header_2_font_size=\u00a0\u00bb50px\u00a0\u00bb header_2_line_height=\u00a0\u00bb1.4em\u00a0\u00bb header_6_font=\u00a0\u00bbRaleway|700||on|||||\u00a0\u00bb header_6_font_size=\u00a0\u00bb16px\u00a0\u00bb header_6_letter_spacing=\u00a0\u00bb5px\u00a0\u00bb header_6_line_height=\u00a0\u00bb1.8em\u00a0\u00bb max_width=\u00a0\u00bb700px\u00a0\u00bb module_alignment=\u00a0\u00bbcenter\u00a0\u00bb header_2_font_size_tablet=\u00a0\u00bb35px\u00a0\u00bb header_2_font_size_phone=\u00a0\u00bb25px\u00a0\u00bb header_2_font_size_last_edited=\u00a0\u00bbon|phone\u00a0\u00bb global_colors_info=\u00a0\u00bb{}\u00a0\u00bb]<\/p>\n<h1>My favourite places\u00a0<\/h1>\n<p>[\/et_pb_text][et_pb_image src=\u00a0\u00bbhttps:\/\/lescabanesdugrau.fr\/wp-content\/uploads\/2021\/04\/heart.png\u00a0\u00bb title_text=\u00a0\u00bbheart\u00a0\u00bb align=\u00a0\u00bbcenter\u00a0\u00bb _builder_version=\u00a0\u00bb4.16&Prime; _module_preset=\u00a0\u00bbdefault\u00a0\u00bb width=\u00a0\u00bb4%\u00a0\u00bb width_tablet=\u00a0\u00bb10%\u00a0\u00bb width_phone=\u00a0\u00bb14%\u00a0\u00bb width_last_edited=\u00a0\u00bbon|phone\u00a0\u00bb locked=\u00a0\u00bboff\u00a0\u00bb global_colors_info=\u00a0\u00bb{}\u00a0\u00bb][\/et_pb_image][et_pb_divider color=\u00a0\u00bb#D9351A\u00a0\u00bb divider_weight=\u00a0\u00bb3px\u00a0\u00bb _builder_version=\u00a0\u00bb4.16&Prime; _module_preset=\u00a0\u00bbdefault\u00a0\u00bb width=\u00a0\u00bb7%\u00a0\u00bb module_alignment=\u00a0\u00bbcenter\u00a0\u00bb global_colors_info=\u00a0\u00bb{}\u00a0\u00bb][\/et_pb_divider][\/et_pb_column][\/et_pb_row][et_pb_row custom_padding_last_edited=\u00a0\u00bbon|phone\u00a0\u00bb _builder_version=\u00a0\u00bb4.16&Prime; module_alignment=\u00a0\u00bbcenter\u00a0\u00bb custom_padding=\u00a0\u00bb11px|0|45px|0px|false|false\u00a0\u00bb custom_padding_tablet=\u00a0\u00bb|0px|24px|0px|false|true\u00a0\u00bb custom_padding_phone=\u00a0\u00bb\u00a0\u00bb global_colors_info=\u00a0\u00bb{}\u00a0\u00bb][et_pb_column type=\u00a0\u00bb4_4&Prime; _builder_version=\u00a0\u00bb4.16&Prime; custom_padding=\u00a0\u00bb|||\u00a0\u00bb global_colors_info=\u00a0\u00bb{}\u00a0\u00bb custom_padding__hover=\u00a0\u00bb|||\u00a0\u00bb][et_pb_text _builder_version=\u00a0\u00bb4.16&Prime; text_font=\u00a0\u00bbcalibri regular||||||||\u00a0\u00bb text_font_size=\u00a0\u00bb17px\u00a0\u00bb text_line_height=\u00a0\u00bb2em\u00a0\u00bb header_font=\u00a0\u00bb||||||||\u00a0\u00bb header_2_font=\u00a0\u00bbRaleway|700|||||||\u00a0\u00bb header_2_font_size=\u00a0\u00bb50px\u00a0\u00bb header_2_line_height=\u00a0\u00bb1.4em\u00a0\u00bb header_6_font=\u00a0\u00bbRaleway|700||on|||||\u00a0\u00bb header_6_font_size=\u00a0\u00bb16px\u00a0\u00bb header_6_letter_spacing=\u00a0\u00bb5px\u00a0\u00bb header_6_line_height=\u00a0\u00bb1.8em\u00a0\u00bb text_orientation=\u00a0\u00bbcenter\u00a0\u00bb max_width=\u00a0\u00bb700px\u00a0\u00bb module_alignment=\u00a0\u00bbcenter\u00a0\u00bb custom_margin=\u00a0\u00bb||||false|false\u00a0\u00bb custom_padding=\u00a0\u00bb||||false|false\u00a0\u00bb header_2_font_size_tablet=\u00a0\u00bb35px\u00a0\u00bb header_2_font_size_phone=\u00a0\u00bb25px\u00a0\u00bb header_2_font_size_last_edited=\u00a0\u00bbon|phone\u00a0\u00bb global_colors_info=\u00a0\u00bb{}\u00a0\u00bb]<\/p>\n<p><span style=\"font-weight: 400;\">To make your stay as pleasant as possible, here are a few ideas for restaurants, products, activities and places to discover !<\/span><\/p>\n<p>[\/et_pb_text][\/et_pb_column][\/et_pb_row][et_pb_row column_structure=\u00a0\u00bb1_2,1_2&Prime; custom_padding_last_edited=\u00a0\u00bbon|tablet\u00a0\u00bb _builder_version=\u00a0\u00bb4.16&Prime; width=\u00a0\u00bb100%\u00a0\u00bb width_tablet=\u00a0\u00bb80%\u00a0\u00bb width_phone=\u00a0\u00bb84%\u00a0\u00bb width_last_edited=\u00a0\u00bbon|phone\u00a0\u00bb max_width=\u00a0\u00bb1220px\u00a0\u00bb custom_padding_tablet=\u00a0\u00bb\u00a0\u00bb custom_padding_phone=\u00a0\u00bb\u00a0\u00bb global_colors_info=\u00a0\u00bb{}\u00a0\u00bb][et_pb_column type=\u00a0\u00bb1_2&Prime; _builder_version=\u00a0\u00bb4.16&Prime; custom_padding=\u00a0\u00bb|||\u00a0\u00bb global_colors_info=\u00a0\u00bb{}\u00a0\u00bb custom_padding__hover=\u00a0\u00bb|||\u00a0\u00bb][et_pb_image src=\u00a0\u00bbhttps:\/\/lescabanesdugrau.fr\/wp-content\/uploads\/2021\/05\/Image-activites-Les-restaurants-du-Grau-dAgde.jpg\u00a0\u00bb title_text=\u00a0\u00bbImage activit\u00e9s &#8211; Les restaurants du Grau d&rsquo;Agde\u00a0\u00bb _builder_version=\u00a0\u00bb4.16&Prime; _module_preset=\u00a0\u00bbdefault\u00a0\u00bb custom_margin=\u00a0\u00bb||-1px||false|false\u00a0\u00bb global_colors_info=\u00a0\u00bb{}\u00a0\u00bb][\/et_pb_image][et_pb_toggle title=\u00a0\u00bbLes restaurants\u00a0\u00bb open_toggle_background_color=\u00a0\u00bb#f5f5f5&Prime; closed_toggle_background_color=\u00a0\u00bb#f5f5f5&Prime; icon_color=\u00a0\u00bb#D9351A\u00a0\u00bb open_icon_color=\u00a0\u00bb#D9351A\u00a0\u00bb _builder_version=\u00a0\u00bb4.27.5&Prime; title_font=\u00a0\u00bbcalibri bold|700|||||||\u00a0\u00bb title_font_size=\u00a0\u00bb18px\u00a0\u00bb title_line_height=\u00a0\u00bb1.4em\u00a0\u00bb closed_title_font=\u00a0\u00bbcalibri bold||||||||\u00a0\u00bb closed_title_font_size=\u00a0\u00bb20px\u00a0\u00bb body_font=\u00a0\u00bbcalibri regular||||||||\u00a0\u00bb body_font_size=\u00a0\u00bb16px\u00a0\u00bb body_line_height=\u00a0\u00bb2em\u00a0\u00bb custom_margin=\u00a0\u00bb||45px|||\u00a0\u00bb hover_enabled=\u00a0\u00bb0&Prime; closed_title_font_size_tablet=\u00a0\u00bb\u00a0\u00bb closed_title_font_size_phone=\u00a0\u00bb19px\u00a0\u00bb closed_title_font_size_last_edited=\u00a0\u00bbon|phone\u00a0\u00bb border_width_all=\u00a0\u00bb2px\u00a0\u00bb border_color_all=\u00a0\u00bb#f5f5f5&Prime; global_colors_info=\u00a0\u00bb{}\u00a0\u00bb sticky_enabled=\u00a0\u00bb0&Prime;]<\/p>\n<h5><span style=\"font-weight: 400;\"><\/span><\/h5>\n<h5><span style=\"font-weight: 400;\">Restaurants using fresh products :<\/span><\/h5>\n<p><span style=\"font-weight: 400;\"><\/span><\/p>\n<p><span style=\"font-weight: 400;\"><strong><b>Ga\u00efa<\/b>\u00a0: <\/strong>au Parc Lano, rue des Lavandi\u00e8res au Cap d\u2019Agde. Au bord d\u2019un petit \u00e9tang, face au Mont Saint Loup, un lieu calme et reposant, loin de l\u2019agitation du centre port. Superbe coucher de soleil, cuisine sympa.<\/span><\/p>\n<p class=\"translation-block\"><strong>Le Marin-p\u00eacheur<\/strong> (in La Tamarissi\u00e8re; fresh local fish, terrace on the quayside with nice view of Le Grau)<\/p>\n<p class=\"translation-block\"><strong>L\u2019Ardoise du March\u00e9<\/strong> (in le Grau d\u2019Agde; little choice on the menu, but very fresh products)<\/p>\n<p class=\"translation-block\"><strong>Les Vagues<\/strong> (between le Grau d'Agde and Rochelongue : by the beach, refined cuisine)<\/p>\n<p><span style=\"font-weight: 400;\"><strong>La Table d\u2019Emilie<\/strong> (Marseillan)<\/span><\/p>\n<p class=\"translation-block\"><strong>L\u2019Endroit<\/strong> (in Agde, 2 very well-cooked daily menus every day at lunchtime, good price-quality ratio)<\/p>\n<p><span style=\"font-weight: 400;\"><strong>La Cabane du p\u00eacheur<\/strong> (on the parking lot of the outer harbour in Cap d'Agde; shellfish and fresh fish; casual restaurant) <\/span><\/p>\n<p><span style=\"font-weight: 400;\"><strong>\u00d4 grain de sel<\/strong> (on the quayside in le Grau d'Agde) <\/span><\/p>\n<p><strong>Le Wake Beach <\/strong>(tout au fond du parking Richelieu, presque sur la digue : terrasse en bois avec vue exceptionnelle sur le fort Brescou et coucher de soleil. Simple et frais, tout est fait maison : brochettes ; frites ; et desserts. Soir\u00e9es musicales en \u00e9t\u00e9 ; un super endroit !)<\/p>\n<p><strong>Les deux M\u00a0<\/strong>(\u00e0 Marseillan-ville, cuisine raffin\u00e9e)<\/p>\n<p><span style=\"font-weight: 400;\"><\/span><\/p>\n<h5><span style=\"font-weight: 400;\">Fancy a good pizza ?\u00a0<\/span><\/h5>\n<p><span style=\"font-weight: 400;\"><\/span><\/p>\n<p><span style=\"font-weight: 400;\"><strong>La Cabane du Mail<\/strong> (in Rochelongue; pizzas of course, but also fresh pasta, homemade burgers, etc\u2026)<\/span><\/p>\n<p><span style=\"font-weight: 400;\"><strong>Le Don Camillo<\/strong> (Agde)<\/span><\/p>\n<p>[\/et_pb_toggle][et_pb_image src=\u00a0\u00bbhttps:\/\/lescabanesdugrau.fr\/wp-content\/uploads\/2021\/05\/Image-activites-Centre-ville-de-Sete.jpg\u00a0\u00bb title_text=\u00a0\u00bbImage activit\u00e9s &#8211; Centre ville de S\u00e8te\u00a0\u00bb _builder_version=\u00a0\u00bb4.16&Prime; _module_preset=\u00a0\u00bbdefault\u00a0\u00bb custom_margin=\u00a0\u00bb||-1px||false|false\u00a0\u00bb custom_padding=\u00a0\u00bb||0px|||\u00a0\u00bb global_colors_info=\u00a0\u00bb{}\u00a0\u00bb][\/et_pb_image][et_pb_toggle title=\u00a0\u00bbLes lieux \u00e0 visiter\u00a0\u00bb open_toggle_background_color=\u00a0\u00bb#f5f5f5&Prime; closed_toggle_background_color=\u00a0\u00bb#f5f5f5&Prime; icon_color=\u00a0\u00bb#D9351A\u00a0\u00bb open_icon_color=\u00a0\u00bb#D9351A\u00a0\u00bb _builder_version=\u00a0\u00bb4.16&Prime; title_font=\u00a0\u00bbcalibri bold|700|||||||\u00a0\u00bb title_font_size=\u00a0\u00bb18px\u00a0\u00bb title_line_height=\u00a0\u00bb1.4em\u00a0\u00bb closed_title_font=\u00a0\u00bbcalibri bold||||||||\u00a0\u00bb closed_title_font_size=\u00a0\u00bb20px\u00a0\u00bb body_font=\u00a0\u00bbcalibri regular||||||||\u00a0\u00bb body_font_size=\u00a0\u00bb16px\u00a0\u00bb body_line_height=\u00a0\u00bb2em\u00a0\u00bb custom_margin=\u00a0\u00bb||45px|||\u00a0\u00bb custom_margin_tablet=\u00a0\u00bb||24px||false|false\u00a0\u00bb custom_margin_phone=\u00a0\u00bb||20px||false|false\u00a0\u00bb custom_margin_last_edited=\u00a0\u00bbon|phone\u00a0\u00bb closed_title_font_size_tablet=\u00a0\u00bb\u00a0\u00bb closed_title_font_size_phone=\u00a0\u00bb19px\u00a0\u00bb closed_title_font_size_last_edited=\u00a0\u00bbon|phone\u00a0\u00bb border_width_all=\u00a0\u00bb2px\u00a0\u00bb border_color_all=\u00a0\u00bb#f5f5f5&Prime; global_colors_info=\u00a0\u00bb{}\u00a0\u00bb]<\/p>\n<p><span style=\"font-weight: 400;\">First of all, the beach, of course\u2026 but there\u2019s more! The region is full of amazing sites worth visiting. There is so much to see, to do, to discover !<\/span><\/p>\n<p><span style=\"font-weight: 400;\"><\/span><\/p>\n<p><span style=\"font-weight: 400;\"><strong>Marseillan-ville<\/strong> for its picturesque little port on the banks of l\u2019\u00e9tang de Thau. A soothing place where you can enjoy having an aperitif on the terrace or tasting some specialities at the local restaurants. For sports enthusiasts (adults and children), Kithau proposes initiation sessions to wakeboarding (on a wakeboard pulled by a water ski-lift). A very pleasant place to have a drink and enjoy the beautiful view of the pond and the city of S\u00e8te in the distance. Right next door there is a playground for all ages, a real bargain for families !<\/span><\/p>\n<p><span style=\"font-weight: 400;\"><\/span><\/p>\n<p><span style=\"font-weight: 400;\"><strong>S\u00e8te :<\/strong> this emblematic city is nicknamed the \u201cVenice of Languedoc\u201d. Don't miss the very lively and colourful Halles in the morning for their picturesque atmosphere, with fish and seafood stalls, small countertops where you can have a drink or eat on the go! But most of all watch the denizens of S\u00e8te interact with one another (what a show!). And of course, the local speciality you absolutely must taste: la Tielle S\u00e9toise, the famous octopus pie (many stores sell it throughout the city, my favourite one is that of Paradisio, a tiny store on the quayside).<\/span><\/p>\n<p><span style=\"font-weight: 400;\"><\/span><\/p>\n<p><span style=\"font-weight: 400;\"><strong>P\u00e9zenas :<\/strong> the illustrious town of Moli\u00e8re! The historic centre has preserved all its charm and character with its cobbled streets and its 16th century mansions. During the tourist season it is a very lively town with its craftsman's stalls and designer shops. Night parties every week in summer, lots of nice little restaurants, but quite a crowd !<\/span><\/p>\n<p><span style=\"font-weight: 400;\"><\/span><\/p>\n<p><span style=\"font-weight: 400;\">Other places of interest: Saint-Guilhem-le-D\u00e9sert, jewel of Romanesque art, the Cistercian abbey of Valmagne, the archaeological site of Oppidum d\u2019Ens\u00e9rune and its dry swamp, the Medieval city of Carcassonne, etc\u2026.<\/span><\/p>\n<p>[\/et_pb_toggle][\/et_pb_column][et_pb_column type=\u00a0\u00bb1_2&Prime; _builder_version=\u00a0\u00bb4.16&Prime; custom_padding=\u00a0\u00bb|||\u00a0\u00bb global_colors_info=\u00a0\u00bb{}\u00a0\u00bb custom_padding__hover=\u00a0\u00bb|||\u00a0\u00bb][et_pb_image src=\u00a0\u00bbhttps:\/\/lescabanesdugrau.fr\/wp-content\/uploads\/2021\/05\/Image-activites-Lac-du-Salagou-2.jpg\u00a0\u00bb title_text=\u00a0\u00bbImage activit\u00e9s &#8211; Lac du Salagou (2)\u00a0\u00bb _builder_version=\u00a0\u00bb4.16&Prime; _module_preset=\u00a0\u00bbdefault\u00a0\u00bb custom_margin=\u00a0\u00bb||-1px||false|false\u00a0\u00bb global_colors_info=\u00a0\u00bb{}\u00a0\u00bb][\/et_pb_image][et_pb_toggle title=\u00a0\u00bbLes activit\u00e9s\u00a0\u00bb open_toggle_background_color=\u00a0\u00bb#f5f5f5&Prime; closed_toggle_background_color=\u00a0\u00bb#f5f5f5&Prime; icon_color=\u00a0\u00bb#D9351A\u00a0\u00bb open_icon_color=\u00a0\u00bb#D9351A\u00a0\u00bb _builder_version=\u00a0\u00bb4.16&Prime; title_font=\u00a0\u00bbcalibri bold|700|||||||\u00a0\u00bb title_font_size=\u00a0\u00bb18px\u00a0\u00bb title_line_height=\u00a0\u00bb1.4em\u00a0\u00bb closed_title_font=\u00a0\u00bbcalibri bold||||||||\u00a0\u00bb closed_title_font_size=\u00a0\u00bb20px\u00a0\u00bb body_font=\u00a0\u00bbcalibri regular||||||||\u00a0\u00bb body_font_size=\u00a0\u00bb16px\u00a0\u00bb body_line_height=\u00a0\u00bb2em\u00a0\u00bb custom_margin=\u00a0\u00bb||45px|||\u00a0\u00bb closed_title_font_size_tablet=\u00a0\u00bb\u00a0\u00bb closed_title_font_size_phone=\u00a0\u00bb19px\u00a0\u00bb closed_title_font_size_last_edited=\u00a0\u00bbon|phone\u00a0\u00bb border_width_all=\u00a0\u00bb2px\u00a0\u00bb border_color_all=\u00a0\u00bb#f5f5f5&Prime; global_colors_info=\u00a0\u00bb{}\u00a0\u00bb]<\/p>\n<p><span style=\"font-weight: 400;\">A huge number of sports and cultural activities are available in and around the town. You should visit the Tourist Information Centre, there is really something for everyone. You can take your pick from the following :<\/span><\/p>\n<p><span style=\"font-weight: 400;\"><\/span><\/p>\n<p><span style=\"font-weight: 400;\"><strong>Trekking to the top of Mont Saint Loup<\/strong>, \u201cAgde\u2019s volcano\u201d (for its breathtaking view and the orientation table at the top).<\/span><span style=\"font-weight: 400;\"><\/span><\/p>\n<p><span style=\"font-weight: 400;\"><\/span><\/p>\n<p><span style=\"font-weight: 400;\"><strong>Going on a boat trip on l\u2019\u00e9tang de Thau :<\/strong> a truly convivial moment to share with your family. On board l\u2019Etoile de Thau IV you will discover the oyster farms and learn about fishing and shellfish breeding activities. Tasting session included, of course! Information on <a href=\"https:\/\/promenade-bateau-marseillan.com\/\" target=\"_blank\" rel=\"noopener\">promenade-bateau-marseillan.com<\/a><\/span><\/p>\n<p><span style=\"font-weight: 400;\"><\/span><\/p>\n<p><span style=\"font-weight: 400;\"><strong>Snorkelling in the underwater trail<\/strong> (in le Cap d'Agde) : a 200m marked path has been laid out by the team of marine biologists from the town of Agde, allowing the divers to discover the fauna and flora of the volcanic seabed. The guided tour is supervised by a qualified instructor (+ loan of equipment). You can also follow the trail on your own.<\/span><\/p>\n<p><span style=\"font-weight: 400;\"><\/span><\/p>\n<p><span style=\"font-weight: 400;\"><strong>Attending the fish market<\/strong> (in Le Grau), \u201cLe Belv\u00e9d\u00e8re\u201d : a unique auction site in the Mediterranean dedicated to fishing and the sale of fish. Two very interesting guided tours, for children and adults alike.<\/span><\/p>\n<p><span style=\"font-weight: 400;\"><\/span><\/p>\n<p><span style=\"font-weight: 400;\"><strong>Discovering le Canal du Midi,<\/strong> listed as a UNESCO World Heritage site: you will see many exceptional structures such as the 9 locks in B\u00e9ziers, the canal bridge, etc.\u2026 Very pleasant bike rides too.<\/span><span style=\"font-weight: 400;\"><\/span><\/p>\n<p><span style=\"font-weight: 400;\"><\/span><\/p>\n<p><span style=\"font-weight: 400;\"><strong>Visiting l\u2019\u00e9tang de Thau :<\/strong> a large lagoon stretching from Marseillan to S\u00e8te, considered as the Mecca of French shellfish farming. Boat trips on the pond and visits of shellfish farms, tasting session included, of course!<\/span><\/p>\n<p><span style=\"font-weight: 400;\"><\/span><\/p>\n<p><span style=\"font-weight: 400;\"><strong>Hiking at le lac du Salagou :<\/strong>\u00a0a water reservoir in an unexpected ochre-coloured landscape (\u201cla ruffe\u201d), an essential place to see in the region. Mountain bike enthusiasts can ride around the lake along sports trails.<\/span><\/p>\n<p><span style=\"font-weight: 400;\"><\/span><\/p>\n<p><span style=\"font-weight: 400;\"><strong>Exploring les grottes de Clamouse et des Demoiselles :<\/strong> in these spectacular caves you can cool off by mid-summer and visit magical underground landscapes that are rather unique in Europe.<\/span><\/p>\n<p><span style=\"font-weight: 400;\"><\/span><\/p>\n<p><span style=\"font-weight: 400;\"><strong>Discovering le Cirque de Navacelles :<\/strong> a geological curiosity famous for being one of the largest canyons in Europe. A little further you can admire a gorgeous waterfall in Saint-Laurent-le-Minier.<\/span><\/p>\n<p><span style=\"font-weight: 400;\"><strong><\/strong><\/span><\/p>\n<p><span style=\"font-weight: 400;\"><strong>Canoeing down the river Orb starting from Roquebrun :<\/strong>\u00a0day trip with a picnic on the water. Several courses of different levels. Definitely a very memorable day!<\/span><\/p>\n<p>[\/et_pb_toggle][et_pb_image src=\u00a0\u00bbhttps:\/\/lescabanesdugrau.fr\/wp-content\/uploads\/2021\/05\/Image-activites-Les-huitres-de-letang-de-Thau.jpg\u00a0\u00bb title_text=\u00a0\u00bbImage activit\u00e9s &#8211; Les huitres de l&rsquo;\u00e9tang de Thau\u00a0\u00bb _builder_version=\u00a0\u00bb4.16&Prime; _module_preset=\u00a0\u00bbdefault\u00a0\u00bb custom_margin=\u00a0\u00bb8px||-1px||false|false\u00a0\u00bb global_colors_info=\u00a0\u00bb{}\u00a0\u00bb][\/et_pb_image][et_pb_toggle title=\u00a0\u00bbLes bons produits du coin\u00a0\u00bb open_toggle_background_color=\u00a0\u00bb#f5f5f5&Prime; closed_toggle_background_color=\u00a0\u00bb#f5f5f5&Prime; icon_color=\u00a0\u00bb#D9351A\u00a0\u00bb open_icon_color=\u00a0\u00bb#D9351A\u00a0\u00bb _builder_version=\u00a0\u00bb4.27.5&Prime; title_font=\u00a0\u00bbcalibri bold|700|||||||\u00a0\u00bb title_font_size=\u00a0\u00bb18px\u00a0\u00bb title_line_height=\u00a0\u00bb1.4em\u00a0\u00bb closed_title_font=\u00a0\u00bbcalibri bold||||||||\u00a0\u00bb closed_title_font_size=\u00a0\u00bb20px\u00a0\u00bb body_font=\u00a0\u00bbcalibri regular||||||||\u00a0\u00bb body_font_size=\u00a0\u00bb16px\u00a0\u00bb body_line_height=\u00a0\u00bb2em\u00a0\u00bb custom_margin=\u00a0\u00bb||45px|||\u00a0\u00bb hover_enabled=\u00a0\u00bb0&Prime; closed_title_font_size_tablet=\u00a0\u00bb\u00a0\u00bb closed_title_font_size_phone=\u00a0\u00bb19px\u00a0\u00bb closed_title_font_size_last_edited=\u00a0\u00bbon|phone\u00a0\u00bb border_width_all=\u00a0\u00bb2px\u00a0\u00bb border_color_all=\u00a0\u00bb#f5f5f5&Prime; global_colors_info=\u00a0\u00bb{}\u00a0\u00bb sticky_enabled=\u00a0\u00bb0&Prime;]<\/p>\n<p><span style=\"font-weight: 400;\"><strong><\/strong><\/span><\/p>\n<p><span style=\"font-weight: 400;\"><strong>Fresh fish (local fishing only) :<\/strong>at the Hirailles family, every day during the tourist season on the marketplace in Le Grau (stall under the plane trees) and off season in a small outlet between La Grignotte bakery and a greengrocer\u2019s.<\/span><span style=\"font-weight: 400;\"><\/span><\/p>\n<p><span style=\"font-weight: 400;\"><strong>Vente directe de poissons \u00e0 l\u2019avant-port du Cap d\u2019Agde<\/strong>\u00a0: tous les matins en haute saison, depuis leurs bateaux, les petits p\u00eacheurs locaux d\u00e9barquent leurs plus belles prises du jour, offrant une s\u00e9lection fra\u00eeche et de qualit\u00e9. P\u00eache durable et responsable.<\/span><span style=\"font-weight: 400;\"><\/span><\/p>\n<p><span style=\"font-weight: 400;\"><strong>Oysters from l\u2019\u00e9tang de Thau :\u00a0<\/strong>Annie Castaldo (Mas Ultra Marine), an oyster farmer with an expertise handed down from father to daughter, produces real non-triploid oysters, i.e. not tampered with, born in the sea (and not in a laboratory) and raised in a traditional way without any antibiotics, transformation or chemical treatment. These oysters grow slowly with the rhythm of the seasons. Labelled \u201cNature and Progress\u201d. Possible delivery.<\/span><\/p>\n<p><span style=\"font-weight: 400;\"><strong>Boulangerie-P\u00e2tisserie<\/strong> : Maison GIL (\u00e0 Agde)<\/span><\/p>\n<p><span style=\"font-weight: 400;\"><strong>P\u00e2tisserie<\/strong> : TOUT SIMPLEMENT (\u00e0 Agde)<\/span><\/p>\n<p><span style=\"font-weight: 400;\"><b>La <\/b><strong>ferme<\/strong> <b>de Portiragnes : <\/b>regroupement de producteurs locaux qui proposent en direct leurs produits de saison<br \/><\/span><\/p>\n<p><span style=\"font-weight: 400;\"><strong>Fruits et L\u00e9gumes Sylvestre<\/strong> (<strong>producteurs \u00e0 Paulhan<\/strong>), pr\u00e9sents sur les march\u00e9s du Cap d\u2019Agde les mardis, mercredis, et samedis : agriculture raisonn\u00e9e, produits frais et de saison<\/span><\/p>\n<p>[\/et_pb_toggle][\/et_pb_column][\/et_pb_row][\/et_pb_section]<\/p>","protected":false},"excerpt":{"rendered":"<p>Le Grau d&rsquo;Agde et ses alentoursLES ACTIVITESMes coups de coeur\u00a0Pour rendre votre s\u00e9jour le plus agr\u00e9able possible, voici quelques id\u00e9es de restaurants, produits, activit\u00e9s et lieux \u00e0 d\u00e9couvrir ! De vrais restos, avec des produits frais : Ga\u00efa\u00a0: au Parc Lano, rue des Lavandi\u00e8res au Cap d\u2019Agde. Au bord d\u2019un petit \u00e9tang, face au Mont [&hellip;]<\/p>","protected":false},"author":1,"featured_media":0,"parent":0,"menu_order":0,"comment_status":"closed","ping_status":"closed","template":"","meta":{"_et_pb_use_builder":"on","_et_pb_old_content":"","_et_gb_content_width":"","footnotes":""},"class_list":["post-1026","page","type-page","status-publish","hentry"],"yoast_head":"<!-- This site is optimized with the Yoast SEO plugin v26.9 - https:\/\/yoast.com\/product\/yoast-seo-wordpress\/ -->\n<title>ACTIVIT\u00c9S - Location Les Cabanes du Grau d&#039;Agde<\/title>\n<meta name=\"description\" content=\"D\u00e9couvrez les activit\u00e9s aux alentours des Cabanes du Grau, location de maisonnette au Grau d&#039;Agde, pour vos vacances ou week-end !\" \/>\n<meta name=\"robots\" content=\"index, follow, max-snippet:-1, max-image-preview:large, max-video-preview:-1\" \/>\n<link rel=\"canonical\" href=\"https:\/\/lescabanesdugrau.fr\/en\/activites\/\" \/>\n<meta property=\"og:locale\" content=\"en_GB\" \/>\n<meta property=\"og:type\" content=\"article\" \/>\n<meta property=\"og:title\" content=\"Activit\u00e9s aux Cabanes du Grau\" \/>\n<meta property=\"og:description\" content=\"D\u00e9couvrez les activit\u00e9s aux alentours des cabanes du Grau, location de maisonnette au Grau d&#039;Agde. Situ\u00e9es \u00e0 6 minutes en v\u00e9lo de la plage, ou seulement \u00e0 quelques m\u00e8tres des premiers grains de sable, les cabanes sont id\u00e9alement situ\u00e9es pour vos vacances ou week-end.\" \/>\n<meta property=\"og:url\" content=\"https:\/\/lescabanesdugrau.fr\/en\/activites\/\" \/>\n<meta property=\"og:site_name\" content=\"Les Cabanes du Grau\" \/>\n<meta property=\"article:modified_time\" content=\"2026-02-04T22:23:15+00:00\" \/>\n<meta property=\"og:image\" content=\"https:\/\/lescabanesdugrau.fr\/wp-content\/uploads\/2021\/05\/Image-activites-Lac-du-Salagou-2.jpg\" \/>\n\t<meta property=\"og:image:width\" content=\"966\" \/>\n\t<meta property=\"og:image:height\" content=\"665\" \/>\n\t<meta property=\"og:image:type\" content=\"image\/jpeg\" \/>\n<meta name=\"twitter:card\" content=\"summary_large_image\" \/>\n<meta name=\"twitter:title\" content=\"Activit\u00e9s aux Cabanes du Grau\" \/>\n<meta name=\"twitter:description\" content=\"D\u00e9couvrez les activit\u00e9s aux alentours des cabanes du Grau, location de maisonnette au Grau d&#039;Agde.\" \/>\n<meta name=\"twitter:image\" content=\"https:\/\/lescabanesdugrau.fr\/wp-content\/uploads\/2021\/05\/Image-activites-Lac-du-Salagou-2.jpg\" \/>\n<meta name=\"twitter:label1\" content=\"Estimated reading time\" \/>\n\t<meta name=\"twitter:data1\" content=\"6 minutes\" \/>\n<script type=\"application\/ld+json\" class=\"yoast-schema-graph\">{\"@context\":\"https:\/\/schema.org\",\"@graph\":[{\"@type\":\"WebPage\",\"@id\":\"https:\/\/lescabanesdugrau.fr\/activites\/\",\"url\":\"https:\/\/lescabanesdugrau.fr\/activites\/\",\"name\":\"ACTIVIT\u00c9S - Location Les Cabanes du Grau d'Agde\",\"isPartOf\":{\"@id\":\"https:\/\/lescabanesdugrau.fr\/#website\"},\"datePublished\":\"2021-04-27T21:58:26+00:00\",\"dateModified\":\"2026-02-04T22:23:15+00:00\",\"description\":\"D\u00e9couvrez les activit\u00e9s aux alentours des Cabanes du Grau, location de maisonnette au Grau d'Agde, pour vos vacances ou week-end !\",\"breadcrumb\":{\"@id\":\"https:\/\/lescabanesdugrau.fr\/activites\/#breadcrumb\"},\"inLanguage\":\"en-GB\",\"potentialAction\":[{\"@type\":\"ReadAction\",\"target\":[\"https:\/\/lescabanesdugrau.fr\/activites\/\"]}]},{\"@type\":\"BreadcrumbList\",\"@id\":\"https:\/\/lescabanesdugrau.fr\/activites\/#breadcrumb\",\"itemListElement\":[{\"@type\":\"ListItem\",\"position\":1,\"name\":\"Accueil\",\"item\":\"https:\/\/lescabanesdugrau.fr\/\"},{\"@type\":\"ListItem\",\"position\":2,\"name\":\"ACTIVIT\u00c9S\"}]},{\"@type\":\"WebSite\",\"@id\":\"https:\/\/lescabanesdugrau.fr\/#website\",\"url\":\"https:\/\/lescabanesdugrau.fr\/\",\"name\":\"Les Cabanes du Grau\",\"description\":\"Location maisonnettes de charme au Grau d&#039;Agde\",\"potentialAction\":[{\"@type\":\"SearchAction\",\"target\":{\"@type\":\"EntryPoint\",\"urlTemplate\":\"https:\/\/lescabanesdugrau.fr\/?s={search_term_string}\"},\"query-input\":{\"@type\":\"PropertyValueSpecification\",\"valueRequired\":true,\"valueName\":\"search_term_string\"}}],\"inLanguage\":\"en-GB\"}]}<\/script>\n<!-- \/ Yoast SEO plugin. -->","yoast_head_json":{"title":"ACTIVIT\u00c9S - Location Les Cabanes du Grau d'Agde","description":"D\u00e9couvrez les activit\u00e9s aux alentours des Cabanes du Grau, location de maisonnette au Grau d'Agde, pour vos vacances ou week-end !","robots":{"index":"index","follow":"follow","max-snippet":"max-snippet:-1","max-image-preview":"max-image-preview:large","max-video-preview":"max-video-preview:-1"},"canonical":"https:\/\/lescabanesdugrau.fr\/en\/activites\/","og_locale":"en_GB","og_type":"article","og_title":"Activit\u00e9s aux Cabanes du Grau","og_description":"D\u00e9couvrez les activit\u00e9s aux alentours des cabanes du Grau, location de maisonnette au Grau d'Agde. Situ\u00e9es \u00e0 6 minutes en v\u00e9lo de la plage, ou seulement \u00e0 quelques m\u00e8tres des premiers grains de sable, les cabanes sont id\u00e9alement situ\u00e9es pour vos vacances ou week-end.","og_url":"https:\/\/lescabanesdugrau.fr\/en\/activites\/","og_site_name":"Les Cabanes du Grau","article_modified_time":"2026-02-04T22:23:15+00:00","og_image":[{"width":966,"height":665,"url":"https:\/\/lescabanesdugrau.fr\/wp-content\/uploads\/2021\/05\/Image-activites-Lac-du-Salagou-2.jpg","type":"image\/jpeg"}],"twitter_card":"summary_large_image","twitter_title":"Activit\u00e9s aux Cabanes du Grau","twitter_description":"D\u00e9couvrez les activit\u00e9s aux alentours des cabanes du Grau, location de maisonnette au Grau d'Agde.","twitter_image":"https:\/\/lescabanesdugrau.fr\/wp-content\/uploads\/2021\/05\/Image-activites-Lac-du-Salagou-2.jpg","twitter_misc":{"Estimated reading time":"6 minutes"},"schema":{"@context":"https:\/\/schema.org","@graph":[{"@type":"WebPage","@id":"https:\/\/lescabanesdugrau.fr\/activites\/","url":"https:\/\/lescabanesdugrau.fr\/activites\/","name":"ACTIVIT\u00c9S - Location Les Cabanes du Grau d'Agde","isPartOf":{"@id":"https:\/\/lescabanesdugrau.fr\/#website"},"datePublished":"2021-04-27T21:58:26+00:00","dateModified":"2026-02-04T22:23:15+00:00","description":"D\u00e9couvrez les activit\u00e9s aux alentours des Cabanes du Grau, location de maisonnette au Grau d'Agde, pour vos vacances ou week-end !","breadcrumb":{"@id":"https:\/\/lescabanesdugrau.fr\/activites\/#breadcrumb"},"inLanguage":"en-GB","potentialAction":[{"@type":"ReadAction","target":["https:\/\/lescabanesdugrau.fr\/activites\/"]}]},{"@type":"BreadcrumbList","@id":"https:\/\/lescabanesdugrau.fr\/activites\/#breadcrumb","itemListElement":[{"@type":"ListItem","position":1,"name":"Accueil","item":"https:\/\/lescabanesdugrau.fr\/"},{"@type":"ListItem","position":2,"name":"ACTIVIT\u00c9S"}]},{"@type":"WebSite","@id":"https:\/\/lescabanesdugrau.fr\/#website","url":"https:\/\/lescabanesdugrau.fr\/","name":"Les Cabanes du Grau","description":"Location maisonnettes de charme au Grau d&#039;Agde","potentialAction":[{"@type":"SearchAction","target":{"@type":"EntryPoint","urlTemplate":"https:\/\/lescabanesdugrau.fr\/?s={search_term_string}"},"query-input":{"@type":"PropertyValueSpecification","valueRequired":true,"valueName":"search_term_string"}}],"inLanguage":"en-GB"}]}},"_links":{"self":[{"href":"https:\/\/lescabanesdugrau.fr\/en\/wp-json\/wp\/v2\/pages\/1026","targetHints":{"allow":["GET"]}}],"collection":[{"href":"https:\/\/lescabanesdugrau.fr\/en\/wp-json\/wp\/v2\/pages"}],"about":[{"href":"https:\/\/lescabanesdugrau.fr\/en\/wp-json\/wp\/v2\/types\/page"}],"author":[{"embeddable":true,"href":"https:\/\/lescabanesdugrau.fr\/en\/wp-json\/wp\/v2\/users\/1"}],"replies":[{"embeddable":true,"href":"https:\/\/lescabanesdugrau.fr\/en\/wp-json\/wp\/v2\/comments?post=1026"}],"version-history":[{"count":38,"href":"https:\/\/lescabanesdugrau.fr\/en\/wp-json\/wp\/v2\/pages\/1026\/revisions"}],"predecessor-version":[{"id":1632,"href":"https:\/\/lescabanesdugrau.fr\/en\/wp-json\/wp\/v2\/pages\/1026\/revisions\/1632"}],"wp:attachment":[{"href":"https:\/\/lescabanesdugrau.fr\/en\/wp-json\/wp\/v2\/media?parent=1026"}],"curies":[{"name":"wp","href":"https:\/\/api.w.org\/{rel}","templated":true}]}}